{"id":300,"date":"2023-08-10T08:14:43","date_gmt":"2023-08-10T06:14:43","guid":{"rendered":"https:\/\/amazonicogroup.com\/la-carta\/"},"modified":"2026-09-02T10:36:43","modified_gmt":"2026-09-02T08:36:43","slug":"la-carta","status":"publish","type":"page","link":"https:\/\/selvaticotarragona.com\/ca\/la-carta\/","title":{"rendered":"La Carta"},"content":{"rendered":"\n<div class=\"wp-block-cover cartaa\"><span aria-hidden=\"true\" class=\"wp-block-cover__background has-nv-site-bg-background-color has-background-dim-100 has-background-dim\"><\/span><div class=\"wp-block-cover__inner-container is-layout-constrained wp-block-cover-is-layout-constrained\">\n<div class=\"wp-block-cover carta\"><span aria-hidden=\"true\" class=\"wp-block-cover__background has-nv-site-bg-background-color has-background-dim-100 has-background-dim\"><\/span><div class=\"wp-block-cover__inner-container is-layout-constrained wp-block-cover-is-layout-constrained\">\n<h2 class=\"wp-block-heading has-text-align-center has-neve-link-color-color has-text-color has-large-font-size\">ENTRANTS<\/h2>\n\n\n\n<ul class=\"wp-block-list\">\n<li>Ostra francesa amb sorbet de mojito i ratlladura de Juanolas <strong><em>6,5 \u20ac<\/em><\/strong><\/li>\n\n\n\n<li>Ostra n2 francesa natural amb llima i gel sec <strong><em>5,5 \u20ac<\/em><\/strong><\/li>\n\n\n\n<li>El millor caviar del m\u00f3n \u00abRiofr\u00edo Essence\u00bb (15 g \/ 30 g) <strong><em>40 \u20ac \/ 75 \u20ac<\/em><\/strong><\/li>\n\n\n\n<li>Ventresca fumada de tonyina Balfeg\u00f3 amb caviar Riofr\u00edo Essence (15 g) <strong><em>80 \u20ac<\/em><\/strong><\/li>\n\n\n\n<li class=\"descripcion\">Ceviche de corvina <strong><em>24 \u20ac<\/em><\/strong><\/li>\n\n\n\n<li class=\"has-small-font-size\"><em>Corvina marinada amb llima, ceba i coriandre, moniato glacejat i choclos.<\/em><\/li>\n\n\n\n<li>Cons de t\u00e0rtar de gamba vermella i ous de salm\u00f3 (4 u.) <strong><em>24 \u20ac<\/em><\/strong><\/li>\n\n\n\n<li>Carpaccio de gamba vermella a l&#8217;estil Selv\u00e0tic <strong><em>26 \u20ac<\/em><\/strong><\/li>\n\n\n\n<li>Pernil 5J <strong><em>32 \u20ac<\/em><\/strong><\/li>\n\n\n\n<li>Patates braves a l&#8217;estil Selv\u00e0tic <strong><em>13 \u20ac<\/em><\/strong><\/li>\n\n\n\n<li>Patates braves marineres de gamba vermella amb maig-pl\u00e0ncton <strong><em>18 \u20ac<\/em><\/strong><\/li>\n\n\n\n<li>Trinxat de tonyina Balfeg\u00f3 amb base de tom\u00e0quet i AOVE <strong><em>24 \u20ac<\/em><\/strong><\/li>\n\n\n\n<li>Croqueta de galta Black Angus amb ib\u00e8ric de Montaraz <strong><em>3,5 \u20ac\/unit.<\/em><\/strong><\/li>\n\n\n\n<li>Mini hamburguesa de vaca rossa gallega amb pa brioix mantegat (2 uts.) <strong><em>15 \u20ac<\/em><\/strong><\/li>\n\n\n\n<li class=\"descripcion\">Taula de formatges internacionals <strong><em>21 \u20ac<\/em><\/strong><\/li>\n\n\n\n<li class=\"has-small-font-size\"><em>Taleggio, Reblochon, Gouda, Cheddar i Blau Valde\u00f3n.<\/em><\/li>\n\n\n\n<li class=\"descripcion\">Taula de formatges sense lactosa <strong><em>21 \u20ac<\/em><\/strong><\/li>\n\n\n\n<li class=\"has-small-font-size\"><em>Curat de b\u00fafala, Grana, Gruy\u00e8re, Gouda i Blau de b\u00fafala.<\/em><\/li>\n\n\n\n<li>Burrata de b\u00fafala injectada al pesto amb t\u00e0rtar de tom\u00e0quet i maduixa i gelat d&#8217;alf\u00e0brega <strong><em>16 \u20ac<\/em><\/strong><\/li>\n\n\n\n<li class=\"descripcion\">Amanida Passi\u00f3 Selv\u00e0tica <strong><em>15 \u20ac<\/em><\/strong><\/li>\n\n\n\n<li class=\"has-small-font-size\"><em>M\u00e0nec, alvocat, tom\u00e0quet, enciam, adobats i seit\u00f3.<\/em><\/li>\n\n\n\n<li class=\"descripcion\">T\u00e0rtar de tonyina Balfeg\u00f3 <strong><em>26 \u20ac<\/em><\/strong><\/li>\n\n\n\n<li class=\"has-small-font-size\"><em>Alvocat, llima, kimchi i s\u00e8sam torrat.<\/em><\/li>\n\n\n\n<li>Carrillera de vedella amb Brioche de mantega i adobats <strong><em>12.5 \u20ac<\/em><\/strong><\/li>\n\n\n\n<li>Zamburi\u00f1as a la brasa (6 u.) <strong><em>18 \u20ac<\/em><\/strong><\/li>\n\n\n\n<li>Gamba vermella del Mediterrani a la sal (8 u.) <strong><em>29 \u20ac<\/em><\/strong><\/li>\n\n\n\n<li>Carxofa a la brasa confitada amb pernil ib\u00e8ric de gla i n\u00favol de foie <strong><em>9,8 \u20ac<\/em><\/strong><\/li>\n\n\n\n<li class=\"descripcion\">Lingot de foie \u00abGold\u00bb <strong><em>21 \u20ac<\/em><\/strong><\/li>\n\n\n\n<li class=\"has-small-font-size\"><em>Xip de pa, reducci\u00f3 de vi negre i fruits vermells.<\/em><\/li>\n\n\n\n<li>Anxova del Cant\u00e0bric Triple 000 (6 u.) <strong><em>18 \u20ac<\/em><\/strong><\/li>\n\n\n\n<li>Seitons colometa del Cant\u00e0bric (6 u.) <strong><em>15 \u20ac<\/em><\/strong><\/li>\n<\/ul>\n<\/div><\/div>\n\n\n\n<div class=\"wp-block-cover carta\"><span aria-hidden=\"true\" class=\"wp-block-cover__background has-nv-site-bg-background-color has-background-dim-100 has-background-dim\"><\/span><div class=\"wp-block-cover__inner-container is-layout-constrained wp-block-cover-is-layout-constrained\">\n<h2 class=\"wp-block-heading has-text-align-center has-neve-link-color-color has-text-color has-large-font-size\">ARROSSOS <\/h2>\n\n\n\n<p class=\"has-text-align-center has-small-font-size wp-block-paragraph\">(MIN. 2 PERSONES)<\/p>\n\n\n\n<ul class=\"wp-block-list\">\n<li>Arr\u00f2s de mitjana madurat en tataki a l&#8217;estil Selv\u00e0tic <strong><em>29 \u20ac<\/em><\/strong><\/li>\n\n\n\n<li>Arr\u00f2s de pl\u00e0ncton amb s\u00edpia i zamburinyes <strong><em>28 \u20ac<\/em><\/strong><\/li>\n\n\n\n<li>Arr\u00f2s de gamba vermella <strong><em>25 \u20ac<\/em><\/strong><\/li>\n\n\n\n<li>Arr\u00f2s de ploma ib\u00e8rica Montaraz <strong><em>27 \u20ac<\/em><\/strong><\/li>\n\n\n\n<li>Arr\u00f2s d&#8217;\u00e0nec amb magret d&#8217;\u00e0nec <strong><em>28 \u20ac<\/em><\/strong><\/li>\n\n\n\n<li>Arr\u00f2s negre amb calamar de potera <strong><em>28 \u20ac<\/em><\/strong><\/li>\n\n\n\n<li>Fideu\u00e0 amb gamba vermella, s\u00edpia i allioli <strong><em>23 \u20ac<\/em><\/strong><\/li>\n\n\n\n<li>Arr\u00f2s veg\u00e0 <strong><em>23 \u20ac<\/em><\/strong><\/li>\n\n\n\n<li>Arr\u00f2s de carrabiners XXL a l&#8217;estil Ramonkey Xef <strong><em>39 \u20ac<\/em><\/strong><\/li>\n<\/ul>\n<\/div><\/div>\n\n\n\n<div class=\"wp-block-cover carta\"><span aria-hidden=\"true\" class=\"wp-block-cover__background has-nv-site-bg-background-color has-background-dim-100 has-background-dim\"><\/span><div class=\"wp-block-cover__inner-container is-layout-constrained wp-block-cover-is-layout-constrained\">\n<h2 class=\"wp-block-heading has-text-align-center has-neve-link-color-color has-text-color has-large-font-size\">TERRA I MAR<\/h2>\n\n\n\n<ul class=\"wp-block-list\">\n<li>Pota de pop a la brasa amb pur\u00e9 de moniato, oli de kimchi i katsuobushi <strong><em>28 \u20ac<\/em><\/strong><\/li>\n\n\n\n<li>Tataki de tonyina vermella de la Mediterr\u00e0nia <strong><em>26 \u20ac<\/em><\/strong><\/li>\n\n\n\n<li>Steak t\u00e0rtar de filet madurat <strong><em>27 \u20ac<\/em><\/strong><\/li>\n\n\n\n<li>Entrecot de mar (parpatana de tonyina Balfeg\u00f3) a la brasa <strong><em>33 \u20ac<\/em><\/strong><\/li>\n\n\n\n<li>Chulet\u00f3 de vaca selecci\u00f3 nacional madurat 40 dies <strong><em>89 \u20ac\/kg<\/em><\/strong><\/li>\n\n\n\n<li>Tataki de mitjana madurat 450gr a la brasa doble alfa <strong><em>29\u20ac<\/em><\/strong><\/li>\n\n\n\n<li>Cranc real a la brasa <strong><em>120 \u20ac<\/em><\/strong><\/li>\n\n\n\n<li>Wagyu Kobe A5 (150 g) <strong><em>65 \u20ac<\/em><\/strong><\/li>\n\n\n\n<li class=\"descripcion\">Filet Doble Alfa a la brasa amb escalopa de foie <strong><em>35 \u20ac<\/em><\/strong><\/li>\n\n\n\n<li class=\"has-small-font-size\"><em>Guarnici\u00f3: wok de verdures o patates fregides.<\/em><\/li>\n\n\n\n<li>Tomahawk a la brasa (1,2 kg) <strong><em>80 \u20ac<\/em><\/strong><\/li>\n\n\n\n<li>Lubina salvatge a la brasa amb patates baby i verdures (2 persones) <strong><em>65 \u20ac<\/em><\/strong><\/li>\n<\/ul>\n<\/div><\/div>\n\n\n\n<div class=\"wp-block-cover carta\"><span aria-hidden=\"true\" class=\"wp-block-cover__background has-nv-site-bg-background-color has-background-dim-100 has-background-dim\"><\/span><div class=\"wp-block-cover__inner-container is-layout-constrained wp-block-cover-is-layout-constrained\">\n<h2 class=\"wp-block-heading has-text-align-center has-neve-link-color-color has-text-color has-large-font-size\">GUARNICIONS<\/h2>\n\n\n\n<ul class=\"wp-block-list\">\n<li>Patates fregides <strong><em>4,5 \u20ac<\/em><\/strong><\/li>\n\n\n\n<li>Escalivada a la brasa <strong><em>4 \u20ac<\/em><\/strong><\/li>\n\n\n\n<li>Papa arruga <strong><em>4,5 \u20ac<\/em><\/strong><\/li>\n\n\n\n<li>Wok de verdures <strong><em>4,5 \u20ac<\/em><\/strong><\/li>\n\n\n\n<li class=\"descripcion\">Edamame <strong><em>6,5 \u20ac<\/em><\/strong><\/li>\n\n\n\n<li class=\"has-small-font-size\"><em>Beines de soja a la brasa glacejades amb greix de mitjana, sal i salsa kimchi<\/em><\/li>\n\n\n\n<li>Panotxa de blat de moro amb mantega fumada a la brasa <strong><em>6 \u20ac<\/em><\/strong><\/li>\n<\/ul>\n<\/div><\/div>\n\n\n\n<div class=\"wp-block-cover carta\"><span aria-hidden=\"true\" class=\"wp-block-cover__background has-nv-site-bg-background-color has-background-dim-100 has-background-dim\"><\/span><div class=\"wp-block-cover__inner-container is-layout-constrained wp-block-cover-is-layout-constrained\">\n<h2 class=\"wp-block-heading has-text-align-center has-neve-link-color-color has-text-color has-large-font-size\">PANS<\/h2>\n\n\n\n<ul class=\"wp-block-list\">\n<li>Pa de vidre de massa mare amb emulsi\u00f3 de tom\u00e0quet i AOVE <strong><em>4,5 \u20ac<\/em><\/strong><\/li>\n\n\n\n<li>Coca d\u00b4oli amb flor de sal marina <strong><em>4,5 \u20ac<\/em><\/strong><\/li>\n\n\n\n<li>Pa sense gluten premium <strong><em>4,5 \u20ac<\/em><\/strong><\/li>\n<\/ul>\n<\/div><\/div>\n\n\n\n<div class=\"wp-block-cover carta\"><span aria-hidden=\"true\" class=\"wp-block-cover__background has-nv-site-bg-background-color has-background-dim-100 has-background-dim\"><\/span><div class=\"wp-block-cover__inner-container is-layout-constrained wp-block-cover-is-layout-constrained\">\n<h2 class=\"wp-block-heading has-text-align-center has-neve-link-color-color has-text-color has-large-font-size\">SALSES<\/h2>\n\n\n\n<ul class=\"wp-block-list\">\n<li>Chimichurri <strong><em>3,5 \u20ac<\/em><\/strong><\/li>\n\n\n\n<li>Salsa d&#8217;ostres <strong><em>3,5 \u20ac<\/em><\/strong><\/li>\n\n\n\n<li>Salsa al pebre negre <strong><em>3,5 \u20ac<\/em><\/strong><\/li>\n\n\n\n<li>Emulsi\u00f3 d\u00b4all amb oli <strong><em>3,5 \u20ac<\/em><\/strong><\/li>\n\n\n\n<li>Salsa demi-glace <strong><em>3,5 \u20ac<\/em><\/strong><\/li>\n<\/ul>\n<\/div><\/div>\n\n\n\n<div class=\"wp-block-cover carta\"><span aria-hidden=\"true\" class=\"wp-block-cover__background has-nv-site-bg-background-color has-background-dim-100 has-background-dim\"><\/span><div class=\"wp-block-cover__inner-container is-layout-constrained wp-block-cover-is-layout-constrained\">\n<h2 class=\"wp-block-heading has-text-align-center has-neve-link-color-color has-text-color has-large-font-size\">PER ALS M\u00c9S PETITS<\/h2>\n\n\n\n<ul class=\"wp-block-list\">\n<li>Mini hamburguesa de vaca rossa gallega (2 u.) amb patates fregides <strong><em>18 \u20ac<\/em><\/strong><\/li>\n<\/ul>\n<\/div><\/div>\n\n\n\n<div class=\"wp-block-cover carta\"><span aria-hidden=\"true\" class=\"wp-block-cover__background has-nv-site-bg-background-color has-background-dim-100 has-background-dim\"><\/span><div class=\"wp-block-cover__inner-container is-layout-constrained wp-block-cover-is-layout-constrained\">\n<h2 class=\"wp-block-heading has-text-align-center has-neve-link-color-color has-text-color has-large-font-size\">POSTRES<\/h2>\n\n\n\n<ul class=\"wp-block-list\">\n<li>Pinya selv\u00e0tica a la brasa amb esfera de coco i mango <strong><em>9 \u20ac<\/em><\/strong><\/li>\n\n\n\n<li>Ou farcit de mousse de xocolata blanca, maracuj\u00e0 i crema anglesa <strong><em>13 \u20ac<\/em><\/strong><\/li>\n\n\n\n<li>T\u00f2fones casolanes de xocolata blanca i coco \/ xocolata al Baileys <strong><em>9 \u20ac<\/em><\/strong><\/li>\n\n\n\n<li>M\u00fasic de fruits secs <strong><em>8 \u20ac<\/em><\/strong><\/li>\n\n\n\n<li>Tiramis\u00fa al mascarpone <strong><em>9 \u20ac<\/em><\/strong><\/li>\n\n\n\n<li>Past\u00eds de formatge a l&#8217;estil Selv\u00e0tic <strong><em>9 \u20ac<\/em><\/strong><\/li>\n\n\n\n<li>Taula de formatges internacionals o sense lactosa <strong><em>21 \u20ac<\/em><\/strong><\/li>\n\n\n\n<li class=\"descripcion\">Calamansi <strong><em>12 \u20ac<\/em><\/strong><\/li>\n\n\n\n<li class=\"has-small-font-size\"><em>Mousse de calamansi, cruixent de xocolata blanca i merenga italiana.<\/em><\/li>\n\n\n\n<li class=\"descripcion\">Xocolata en textures <strong><em>12 \u20ac<\/em><\/strong><\/li>\n\n\n\n<li class=\"has-small-font-size\"><em>Mousse de xocolata amb llet, bany cruixent, pralin\u00e9 de fruita seca i ganache muntada d&#8217;ametlla.<\/em><\/li>\n\n\n\n<li class=\"descripcion\">C\u00fapula de mascarpone i pistatxo <strong><em>12 \u20ac<\/em><\/strong><\/li>\n\n\n\n<li class=\"has-small-font-size\"><em>Mousse de mascarpone amb interior semil\u00edquid de festuc i cruixent de festuc.<\/em><\/li>\n<\/ul>\n<\/div><\/div>\n<\/div><\/div>\n","protected":false},"excerpt":{"rendered":"","protected":false},"author":1,"featured_media":0,"parent":0,"menu_order":0,"comment_status":"closed","ping_status":"closed","template":"","meta":{"neve_meta_sidebar":"","neve_meta_container":"","neve_meta_enable_content_width":"","neve_meta_content_width":0,"neve_meta_title_alignment":"","neve_meta_author_avatar":"","neve_post_elements_order":"","neve_meta_disable_header":"","neve_meta_disable_footer":"","neve_meta_disable_title":"","footnotes":""},"class_list":["post-300","page","type-page","status-publish","hentry"],"_links":{"self":[{"href":"https:\/\/selvaticotarragona.com\/ca\/wp-json\/wp\/v2\/pages\/300","targetHints":{"allow":["GET"]}}],"collection":[{"href":"https:\/\/selvaticotarragona.com\/ca\/wp-json\/wp\/v2\/pages"}],"about":[{"href":"https:\/\/selvaticotarragona.com\/ca\/wp-json\/wp\/v2\/types\/page"}],"author":[{"embeddable":true,"href":"https:\/\/selvaticotarragona.com\/ca\/wp-json\/wp\/v2\/users\/1"}],"replies":[{"embeddable":true,"href":"https:\/\/selvaticotarragona.com\/ca\/wp-json\/wp\/v2\/comments?post=300"}],"version-history":[{"count":13,"href":"https:\/\/selvaticotarragona.com\/ca\/wp-json\/wp\/v2\/pages\/300\/revisions"}],"predecessor-version":[{"id":14424,"href":"https:\/\/selvaticotarragona.com\/ca\/wp-json\/wp\/v2\/pages\/300\/revisions\/14424"}],"wp:attachment":[{"href":"https:\/\/selvaticotarragona.com\/ca\/wp-json\/wp\/v2\/media?parent=300"}],"curies":[{"name":"wp","href":"https:\/\/api.w.org\/{rel}","templated":true}]}}